{"id":511,"date":"2018-02-01T08:40:06","date_gmt":"2018-02-01T08:40:06","guid":{"rendered":"https:\/\/neu.bildhauersymposion.de\/?page_id=511"},"modified":"2018-03-07T16:10:02","modified_gmt":"2018-03-07T16:10:02","slug":"werk-01","status":"publish","type":"page","link":"https:\/\/bildhauersymposion.de\/index.php\/werk-01\/","title":{"rendered":"Werk 01"},"content":{"rendered":"<div id=\"pl-511\"  class=\"panel-layout\" ><div id=\"pg-511-0\"  class=\"panel-grid panel-has-style\" ><div class=\"panel-row-style panel-row-style-for-511-0\" ><div id=\"pgc-511-0-0\"  class=\"panel-grid-cell\" ><div id=\"panel-511-0-0-0\" class=\"so-panel widget widget_sow-editor panel-first-child panel-last-child\" data-index=\"0\" ><div class=\"panel-widget-style panel-widget-style-for-511-0-0-0\" ><div\n\t\t\t\n\t\t\tclass=\"so-widget-sow-editor so-widget-sow-editor-base\"\n\t\t\t\n\t\t>\n<div class=\"siteorigin-widget-tinymce textwidget\">\n\t<p><a href=\"https:\/\/neu.bildhauersymposion.de\/wp-content\/uploads\/2018\/01\/werk-01-1.png\" data-rel=\"lightbox-image-0\" data-rl_title=\"\" data-rl_caption=\"\" title=\"\"><img loading=\"lazy\" decoding=\"async\" class=\"alignnone size-full wp-image-185\" src=\"https:\/\/neu.bildhauersymposion.de\/wp-content\/uploads\/2018\/01\/werk-01-1.png\" alt=\"\" width=\"161\" height=\"77\" \/><\/a> <a name=\"anfang\"><\/a><\/p>\n<\/div>\n<\/div><\/div><\/div><\/div><\/div><\/div><div id=\"pg-511-1\"  class=\"panel-grid panel-no-style\" ><div id=\"pgc-511-1-0\"  class=\"panel-grid-cell\" ><div id=\"panel-511-1-0-0\" class=\"so-panel widget widget_sow-editor panel-first-child panel-last-child\" data-index=\"1\" ><div class=\"panel-widget-style panel-widget-style-for-511-1-0-0\" ><div\n\t\t\t\n\t\t\tclass=\"so-widget-sow-editor so-widget-sow-editor-base\"\n\t\t\t\n\t\t>\n<div class=\"siteorigin-widget-tinymce textwidget\">\n\t<h5><strong>Nominatoren<\/strong><\/h5>\n<p>Prof. Dr. Manfred Schneckenburger, Kunstakademie M\u00fcnster<br \/>\nJoanna Kiliszek, Polnisches Institut, Leipzig<br \/>\nLynda Morris, Norwich School of Art and Design, Norwich, England<br \/>\nD\u00f3ra Hegyi, Museum Ludwig, Budapest, Ungarn<br \/>\nK\u00fcnstlerischer Beirat des Bildhauersymposions Heidenheim<\/p>\n<h5>Jury<\/h5>\n<p>Dr. Ulrike Gauss, Staatsgalerie Stuttgart<br \/>\nDr. Marlene Lauter, St\u00e4dtische Galerie, W\u00fcrzburg<br \/>\nDr. Ursula Zeller, Institut f\u00fcr Auslandsbeziehungen e.V., Stuttgart<\/p>\n<h5><strong>Verein<\/strong><\/h5>\n<p>Vorsitzender:\u00a0 Klaus Moser<br \/>\nVorstand:\u00a0 Dr. Maximilian Eberle, Dr. Ren\u00e9 Hirner, Dr. Hermut Kormann, Hans von Schweinichen, Wilfried W\u00f6rner<br \/>\nK\u00fcnstlerischer Beirat:\u00a0 Berni Fetzer, Franklin P\u00fchn, Horst Pommerenke, Andrea Steinhilber<\/p>\n<\/div>\n<\/div><\/div><\/div><\/div><div id=\"pgc-511-1-1\"  class=\"panel-grid-cell\" ><div id=\"panel-511-1-1-0\" class=\"so-panel widget widget_sow-editor panel-first-child panel-last-child\" data-index=\"2\" ><div class=\"panel-widget-style panel-widget-style-for-511-1-1-0\" ><div\n\t\t\t\n\t\t\tclass=\"so-widget-sow-editor so-widget-sow-editor-base\"\n\t\t\t\n\t\t>\n<div class=\"siteorigin-widget-tinymce textwidget\">\n\t<h5>Preistr\u00e4ger<\/h5>\n<p>Inges Idee, Berlin<br \/> Thomas Klegin, Schwerte<br \/> Dragan Lovrinovic, M\u00fcnster<br \/> J\u00fcrgen Stimpfig, Paris<br \/> J\u00e1nos Sug\u00e1r, Budapest<\/p>\n<h5>Firmen<\/h5>\n<p>Althammer GmbH &amp; Co. KG<br \/>Carl Edelmann GmbH &amp; Co. KG<br \/>J. M. Voith AG<br \/>Maier-Glas GmbH<br \/>ADITECH Fl\u00fcssigkristallanzeigen GmbH<\/p>\n<\/div>\n<\/div><\/div><\/div><\/div><\/div><div id=\"pg-511-2\"  class=\"panel-grid panel-has-style\" ><div class=\"panel-row-style panel-row-style-for-511-2\" ><div id=\"pgc-511-2-0\"  class=\"panel-grid-cell\" ><div id=\"panel-511-2-0-0\" class=\"so-panel widget widget_sow-editor panel-first-child panel-last-child\" data-index=\"3\" ><div\n\t\t\t\n\t\t\tclass=\"so-widget-sow-editor so-widget-sow-editor-base\"\n\t\t\t\n\t\t>\n<div class=\"siteorigin-widget-tinymce textwidget\">\n\t<h5>inges idee<br \/>\n<em>Piercing<\/em><\/h5>\n<p>Althammer GmbH &amp; Co. KG<br \/>\n<br class=\"clear\" \/>An einer Ecke des Rathauses der Stadt Heidenheim\/Brenz wird in H\u00f6he des siebten Stocks ein gro\u00dfer Edelstahlring im Durchmesser von ca. 2,4 m montiert. Dieser durchbricht die Hauswand, um auf der anderen Seite der Hausecke wiederhervorzutreten, er sitzt quasi wie ein Ohrring im Haus. Dem eher rabiaten Eingriff in die Bausubstanz steht die stolze, ungew\u00f6hnliche Schm\u00fcckung mit einem makellos gearbeiteten, polierten Edelstahlring gegen\u00fcber.<br \/>\n<br class=\"clear\" \/>Die Verzierung unserer K\u00f6rper ist heutzutage ein allt\u00e4gliches und weitverbreitetes Ph\u00e4nomen. T\u00e4towierung oder Piercing geh\u00f6rt mittlerweile zum t\u00e4glichen Stra\u00dfenbild. Entspricht die T\u00e4towierung eher der Malerei auf dem K\u00f6rper, so ist das Piercing als Perforation und Durchl\u00f6chern von K\u00f6rpervolumina eindeutig ein bildhauerischer Akt. Dieser gewaltvolle \/ lustbetonte Akt, normalerweise am privaten K\u00f6rper durchgef\u00fchrt, wird von Inges Idee am architektonischen Bauk\u00f6rper im \u00f6ffentlichen Raum vollzogen, in derselben Mischung aus Gewaltt\u00e4tigkeit und Dekoration, als identit\u00e4tsstiftende, nach au\u00dfen weisende Handlung.<br \/>\n<br class=\"clear\" \/>Der bildhauerische Akt des Durchl\u00f6cherns, der Perforierung der trennenden Haut des Geb\u00e4udes verschiebt den intimen Akt des K\u00f6rperschm\u00fcckens in den Raum der bildenden Kunst. Der Ring weist sowohl nach au\u00dfen (\u00f6ffentlicher Raum) als auch nach innen (privater Raum) und vereint somit diese beide Sph\u00e4ren. Letztlich ist die konkrete Gleichsetzung von K\u00f6rper, als Ort von Intimit\u00e4t, Lust, Privatheit und Exhibitionismus, und Bau-K\u00f6rper ein Katalysator, der wesentliche Fragen von \u00f6ffentlichem und privatem Bereich thematisiert.<\/p>\n<\/div>\n<\/div><\/div><\/div><div id=\"pgc-511-2-1\"  class=\"panel-grid-cell\" ><div id=\"panel-511-2-1-0\" class=\"so-panel widget widget_sow-editor panel-first-child panel-last-child\" data-index=\"4\" ><div\n\t\t\t\n\t\t\tclass=\"so-widget-sow-editor so-widget-sow-editor-base\"\n\t\t\t\n\t\t>\n<div class=\"siteorigin-widget-tinymce textwidget\">\n\t\n\t\t<style type=\"text\/css\">\n\t\t\t#gallery-1 {\n\t\t\t\tmargin: auto;\n\t\t\t}\n\t\t\t#gallery-1 .gallery-item {\n\t\t\t\tfloat: left;\n\t\t\t\tmargin-top: 10px;\n\t\t\t\ttext-align: center;\n\t\t\t\twidth: 100%;\n\t\t\t}\n\t\t\t#gallery-1 img {\n\t\t\t\tborder: 2px solid #cfcfcf;\n\t\t\t}\n\t\t\t#gallery-1 .gallery-caption {\n\t\t\t\tmargin-left: 0;\n\t\t\t}\n\t\t\t\/* see gallery_shortcode() in wp-includes\/media.php *\/\n\t\t<\/style>\n\t\t<div id='gallery-1' class='gallery galleryid-511 gallery-columns-1 gallery-size-thumbnail'><dl class='gallery-item'>\n\t\t\t<dt class='gallery-icon portrait'>\n\t\t\t\t<a href='https:\/\/bildhauersymposion.de\/wp-content\/uploads\/2018\/02\/Inges-Idee_4.jpg' title=\"\" data-rl_title=\"\" class=\"rl-gallery-link\" data-rl_caption=\"\" data-rel=\"lightbox-gallery-1\"><img loading=\"lazy\" decoding=\"async\" width=\"150\" height=\"150\" src=\"https:\/\/bildhauersymposion.de\/wp-content\/uploads\/2018\/02\/Inges-Idee_4-150x150.jpg\" class=\"attachment-thumbnail size-thumbnail\" alt=\"\" \/><\/a>\n\t\t\t<\/dt><\/dl><br style=\"clear: both\" \/><dl class='gallery-item'>\n\t\t\t<dt class='gallery-icon landscape'>\n\t\t\t\t<a href='https:\/\/bildhauersymposion.de\/wp-content\/uploads\/2018\/02\/inges1.jpg' title=\"\" data-rl_title=\"\" class=\"rl-gallery-link\" data-rl_caption=\"\" data-rel=\"lightbox-gallery-1\"><img loading=\"lazy\" decoding=\"async\" width=\"150\" height=\"150\" src=\"https:\/\/bildhauersymposion.de\/wp-content\/uploads\/2018\/02\/inges1-150x150.jpg\" class=\"attachment-thumbnail size-thumbnail\" alt=\"\" \/><\/a>\n\t\t\t<\/dt><\/dl><br style=\"clear: both\" \/><dl class='gallery-item'>\n\t\t\t<dt class='gallery-icon landscape'>\n\t\t\t\t<a href='https:\/\/bildhauersymposion.de\/wp-content\/uploads\/2018\/02\/inges2.jpg' title=\"\" data-rl_title=\"\" class=\"rl-gallery-link\" data-rl_caption=\"\" data-rel=\"lightbox-gallery-1\"><img loading=\"lazy\" decoding=\"async\" width=\"150\" height=\"150\" src=\"https:\/\/bildhauersymposion.de\/wp-content\/uploads\/2018\/02\/inges2-150x150.jpg\" class=\"attachment-thumbnail size-thumbnail\" alt=\"\" \/><\/a>\n\t\t\t<\/dt><\/dl><br style=\"clear: both\" \/>\n\t\t<\/div>\n\n<\/div>\n<\/div><\/div><\/div><\/div><\/div><div id=\"pg-511-3\"  class=\"panel-grid panel-has-style\" ><div class=\"panel-row-style panel-row-style-for-511-3\" ><div id=\"pgc-511-3-0\"  class=\"panel-grid-cell\" ><div id=\"panel-511-3-0-0\" class=\"so-panel widget widget_sow-editor panel-first-child panel-last-child\" data-index=\"5\" ><div\n\t\t\t\n\t\t\tclass=\"so-widget-sow-editor so-widget-sow-editor-base\"\n\t\t\t\n\t\t>\n<div class=\"siteorigin-widget-tinymce textwidget\">\n\t<h5>Thomas Klegin<br \/> <em>Im-Zwischen X In-Between<\/em><\/h5>\n<p>Carl Edelmann GmbH &amp; Co. KG<br \/><br class=\"clear\" \/>Als \"skulpturale Invasoren\" bezeichnet Thomas Klegin seine beiden Skulpturengruppen, die er f\u00fcr Heidenheim geschaffen hat. Mit ihnen besetzt er \"Unorte\", die durch ihre Leere h\u00f6chstens negativ auffallen. Die \u00e4sthetischen Formen seiner Skulpturen lenken bewusst den Blick auf diese Orte, die so neu wahrgenommen werden k\u00f6nnen.<br \/><br class=\"clear\" \/>Eine dreiteilige Gruppe steht im Stadtzentrum auf dem Friedrich-Degeler-Platz. Die einzelnen, je 3 m hohen K\u00f6rper sind blockartig aufgestellt. Ihre Grundfl\u00e4chen bilden die verkleinerten Grundrisse der sie umgebenden Geb\u00e4ude ab: ein Rathaus der 70er Jahre, sowie ein Altenzentrum und ein Gesch\u00e4ftshaus der 90er Jahre. Zwischen zwei Betonscheiben, sozusagen Fundament und Dach, sind einseitig bedruckte Kartonagen geschichtet, vergleichbar mit den Stockwerken eines Geb\u00e4udes. Die Kartonagen sind \u00dcberreste, die produktionsbedingt beim Druckprozess von Kartonverpackungen anfallen. Beim Stanzen der Grundrissformen ergibt sich an den Schnittkanten eine zuf\u00e4llige Farbstruktur, die an architektonische Gliederungen erinnert.<br \/><br class=\"clear\" \/>Die zweite Skulpturengruppe besteht aus 18 kleineren K\u00f6rpern, die in die ehemaligen Pflanzk\u00fcbel des Parkhauses in der Clichystra\u00dfe gestellt sind. Wieder schichtet Thomas Klegin unz\u00e4hlige Kartonagen aufeinander, jedoch mit dem Unterschied, dass die Stanzform diesmal direkt aus dem Produktionsprozess heraus stammt.<\/p>\n<\/div>\n<\/div><\/div><\/div><div id=\"pgc-511-3-1\"  class=\"panel-grid-cell\" ><div id=\"panel-511-3-1-0\" class=\"so-panel widget widget_sow-editor panel-first-child panel-last-child\" data-index=\"6\" ><div\n\t\t\t\n\t\t\tclass=\"so-widget-sow-editor so-widget-sow-editor-base\"\n\t\t\t\n\t\t>\n<div class=\"siteorigin-widget-tinymce textwidget\">\n\t\n\t\t<style type=\"text\/css\">\n\t\t\t#gallery-2 {\n\t\t\t\tmargin: auto;\n\t\t\t}\n\t\t\t#gallery-2 .gallery-item {\n\t\t\t\tfloat: left;\n\t\t\t\tmargin-top: 10px;\n\t\t\t\ttext-align: center;\n\t\t\t\twidth: 100%;\n\t\t\t}\n\t\t\t#gallery-2 img {\n\t\t\t\tborder: 2px solid #cfcfcf;\n\t\t\t}\n\t\t\t#gallery-2 .gallery-caption {\n\t\t\t\tmargin-left: 0;\n\t\t\t}\n\t\t\t\/* see gallery_shortcode() in wp-includes\/media.php *\/\n\t\t<\/style>\n\t\t<div id='gallery-2' class='gallery galleryid-511 gallery-columns-1 gallery-size-thumbnail'><dl class='gallery-item'>\n\t\t\t<dt class='gallery-icon portrait'>\n\t\t\t\t<a href='https:\/\/bildhauersymposion.de\/wp-content\/uploads\/2018\/02\/klegin1.jpg' title=\"\" data-rl_title=\"\" class=\"rl-gallery-link\" data-rl_caption=\"\" data-rel=\"lightbox-gallery-2\"><img loading=\"lazy\" decoding=\"async\" width=\"150\" height=\"150\" src=\"https:\/\/bildhauersymposion.de\/wp-content\/uploads\/2018\/02\/klegin1-150x150.jpg\" class=\"attachment-thumbnail size-thumbnail\" alt=\"\" \/><\/a>\n\t\t\t<\/dt><\/dl><br style=\"clear: both\" \/><dl class='gallery-item'>\n\t\t\t<dt class='gallery-icon portrait'>\n\t\t\t\t<a href='https:\/\/bildhauersymposion.de\/wp-content\/uploads\/2018\/02\/klegin2.jpg' title=\"\" data-rl_title=\"\" class=\"rl-gallery-link\" data-rl_caption=\"\" data-rel=\"lightbox-gallery-2\"><img loading=\"lazy\" decoding=\"async\" width=\"150\" height=\"150\" src=\"https:\/\/bildhauersymposion.de\/wp-content\/uploads\/2018\/02\/klegin2-150x150.jpg\" class=\"attachment-thumbnail size-thumbnail\" alt=\"\" \/><\/a>\n\t\t\t<\/dt><\/dl><br style=\"clear: both\" \/><dl class='gallery-item'>\n\t\t\t<dt class='gallery-icon landscape'>\n\t\t\t\t<a href='https:\/\/bildhauersymposion.de\/wp-content\/uploads\/2018\/02\/klegin3.jpg' title=\"\" data-rl_title=\"\" class=\"rl-gallery-link\" data-rl_caption=\"\" data-rel=\"lightbox-gallery-2\"><img loading=\"lazy\" decoding=\"async\" width=\"150\" height=\"150\" src=\"https:\/\/bildhauersymposion.de\/wp-content\/uploads\/2018\/02\/klegin3-150x150.jpg\" class=\"attachment-thumbnail size-thumbnail\" alt=\"\" \/><\/a>\n\t\t\t<\/dt><\/dl><br style=\"clear: both\" \/>\n\t\t<\/div>\n\n<\/div>\n<\/div><\/div><\/div><\/div><\/div><div id=\"pg-511-4\"  class=\"panel-grid panel-has-style\" ><div class=\"panel-row-style panel-row-style-for-511-4\" ><div id=\"pgc-511-4-0\"  class=\"panel-grid-cell\" ><div id=\"panel-511-4-0-0\" class=\"so-panel widget widget_sow-editor panel-first-child panel-last-child\" data-index=\"7\" ><div\n\t\t\t\n\t\t\tclass=\"so-widget-sow-editor so-widget-sow-editor-base\"\n\t\t\t\n\t\t>\n<div class=\"siteorigin-widget-tinymce textwidget\">\n\t<h5>Dragan Lovrinovic<br \/> <em>Die gro\u00dfe Rede<\/em><\/h5>\n<p>J. M. Voith AG<br \/><br class=\"clear\" \/>Bei der visuellen Kommunikation kommt dem Rednerpult - als Symbol der politischen und religi\u00f6sen Machtdemonstration - eine gro\u00dfe Bedeutung zu. Einerseits bietet es dem Redner Schutz, andererseits betont es die obere K\u00f6rperh\u00e4lfte, die f\u00fcr Mimik und Gestik zur Unterst\u00fctzung der Rede wichtig ist. Besonders die mediale Inszenierung von Politik kommt kaum noch ohne ein Rednerpult aus. Je gr\u00f6\u00dfer es ist und je mehr Mikrofone auf ihm stehen - also je aufw\u00e4ndiger die Inszenierung - desto gr\u00f6\u00dfer ist meist die Differenz zum Inhalt der Rede.<br \/><br class=\"clear\" \/>Der Titel \"Die gro\u00dfe Rede\" verweist auf die Rede selbst, er l\u00e4sst den Redner in den Hintergrund treten. Gleichzeitig bietet er unterschiedliche Interpretationsm\u00f6glichkeiten: Ist er einfach nur ironisch gemeint, braucht es eine \"geistige Gr\u00f6\u00dfe\", um hier eine Rede zu halten? Oder erinnert er an gro\u00dfe Reden der Zeitgeschichte, so dass das Werk gleichzeitig Denkmal und Mahnmal ist?<br \/><br class=\"clear\" \/>Dieses \u00fcberdimensionierte Rednerpult aus rostfreiem Edelstahl steht auf dem Hauptverbindungsweg zwischen Innenstadt und Bahnhof. Aus dem quadratischen Podest von 4 x 4 Metern ragt es 2,60 Meter in die H\u00f6he. Die vielen poppig bunten Mikrofone mit ihrer \"Verkabelung\" ebenfalls aus Edelstahl sind schon von weitem sichtbar. Es erweckt den Anschein, als ob eine Ansprache kurz zuvor stattgefunden hat oder demn\u00e4chst stattfinden wird. Einladend f\u00fchren Treppen auf das Podest. Wer dieser Einladung jedoch folgt, hat es schwer eine Rede zu halten, da er im wahrsten Sinne des Wortes hinter dem Rednerpult steht und komplett von ihm verdeckt wird. Treppe und Gel\u00e4nder entsprechen handels\u00fcblichen Normen, bei der Gestaltung von Pult und Mikrofonen greift Dragan Lovrinovc die Ma\u00dfstabsvergr\u00f6\u00dferung der Pop Art auf.<\/p>\n<\/div>\n<\/div><\/div><\/div><div id=\"pgc-511-4-1\"  class=\"panel-grid-cell\" ><div id=\"panel-511-4-1-0\" class=\"so-panel widget widget_sow-editor panel-first-child panel-last-child\" data-index=\"8\" ><div\n\t\t\t\n\t\t\tclass=\"so-widget-sow-editor so-widget-sow-editor-base\"\n\t\t\t\n\t\t>\n<div class=\"siteorigin-widget-tinymce textwidget\">\n\t\n\t\t<style type=\"text\/css\">\n\t\t\t#gallery-3 {\n\t\t\t\tmargin: auto;\n\t\t\t}\n\t\t\t#gallery-3 .gallery-item {\n\t\t\t\tfloat: left;\n\t\t\t\tmargin-top: 10px;\n\t\t\t\ttext-align: center;\n\t\t\t\twidth: 100%;\n\t\t\t}\n\t\t\t#gallery-3 img {\n\t\t\t\tborder: 2px solid #cfcfcf;\n\t\t\t}\n\t\t\t#gallery-3 .gallery-caption {\n\t\t\t\tmargin-left: 0;\n\t\t\t}\n\t\t\t\/* see gallery_shortcode() in wp-includes\/media.php *\/\n\t\t<\/style>\n\t\t<div id='gallery-3' class='gallery galleryid-511 gallery-columns-1 gallery-size-thumbnail'><dl class='gallery-item'>\n\t\t\t<dt class='gallery-icon portrait'>\n\t\t\t\t<a href='https:\/\/bildhauersymposion.de\/wp-content\/uploads\/2018\/02\/lovri2.jpg' title=\"\" data-rl_title=\"\" class=\"rl-gallery-link\" data-rl_caption=\"\" data-rel=\"lightbox-gallery-3\"><img loading=\"lazy\" decoding=\"async\" width=\"150\" height=\"150\" src=\"https:\/\/bildhauersymposion.de\/wp-content\/uploads\/2018\/02\/lovri2-150x150.jpg\" class=\"attachment-thumbnail size-thumbnail\" alt=\"\" \/><\/a>\n\t\t\t<\/dt><\/dl><br style=\"clear: both\" \/><dl class='gallery-item'>\n\t\t\t<dt class='gallery-icon landscape'>\n\t\t\t\t<a href='https:\/\/bildhauersymposion.de\/wp-content\/uploads\/2018\/02\/lovri3.jpg' title=\"\" data-rl_title=\"\" class=\"rl-gallery-link\" data-rl_caption=\"\" data-rel=\"lightbox-gallery-3\"><img loading=\"lazy\" decoding=\"async\" width=\"150\" height=\"150\" src=\"https:\/\/bildhauersymposion.de\/wp-content\/uploads\/2018\/02\/lovri3-150x150.jpg\" class=\"attachment-thumbnail size-thumbnail\" alt=\"\" \/><\/a>\n\t\t\t<\/dt><\/dl><br style=\"clear: both\" \/><dl class='gallery-item'>\n\t\t\t<dt class='gallery-icon landscape'>\n\t\t\t\t<a href='https:\/\/bildhauersymposion.de\/wp-content\/uploads\/2018\/02\/lovr1.jpg' title=\"\" data-rl_title=\"\" class=\"rl-gallery-link\" data-rl_caption=\"\" data-rel=\"lightbox-gallery-3\"><img loading=\"lazy\" decoding=\"async\" width=\"150\" height=\"150\" src=\"https:\/\/bildhauersymposion.de\/wp-content\/uploads\/2018\/02\/lovr1-150x150.jpg\" class=\"attachment-thumbnail size-thumbnail\" alt=\"\" \/><\/a>\n\t\t\t<\/dt><\/dl><br style=\"clear: both\" \/>\n\t\t<\/div>\n\n<\/div>\n<\/div><\/div><\/div><\/div><\/div><div id=\"pg-511-5\"  class=\"panel-grid panel-has-style\" ><div class=\"panel-row-style panel-row-style-for-511-5\" ><div id=\"pgc-511-5-0\"  class=\"panel-grid-cell\" ><div id=\"panel-511-5-0-0\" class=\"so-panel widget widget_sow-editor panel-first-child panel-last-child\" data-index=\"9\" ><div\n\t\t\t\n\t\t\tclass=\"so-widget-sow-editor so-widget-sow-editor-base\"\n\t\t\t\n\t\t>\n<div class=\"siteorigin-widget-tinymce textwidget\">\n\t<h5>J\u00fcrgen Stimpfig<br \/>\n<em>passag\u00e8re in vitro<\/em><\/h5>\n<p>Maier-Glas GmbH<br \/>\n<br class=\"clear\" \/>Die plastische Qualit\u00e4t von Flachglas steht im Mittelpunkt des Werks von J\u00fcrgen Stimpfig. Er selbst spricht von \"Interventionen\" und \"St\u00f6rf\u00e4llen\", die er durch Sandstrahl-Technik in das Glas eingebracht hat. Bei diesem Verfahren wird ein geringer Teil des Glases abgetragen, so dass die behandelte Oberfl\u00e4che eine matte wei\u00dfe Struktur erh\u00e4lt: Das Glas ist also an den bearbeiteten Stellen nicht mehr transparent, sondern opak. Das Wei\u00df der sandgestrahlten Fl\u00e4chen steht in Kontrast zu den kr\u00e4ftigen Farben, die \u00fcblicherweise die Schaufenster der Fu\u00dfg\u00e4ngerzonen dominieren.<br \/>\n<br class=\"clear\" \/>Eine \u00fcber Eck gehende, nur durch eine T\u00fcr unterbrochene Schaufensterfront erh\u00e4lt von beiden Seiten in der H\u00f6he von 1,20 m ein schmales Band. Die wie freih\u00e4ndig angebrachten Linien sind nicht genau deckungsgleich und betonen das Innen und Au\u00dfen - also die Plastizit\u00e4t - der Glasscheibe, gleichzeitig wird die Pr\u00e4sentation der Waren in Oben und Unten gegliedert.<br \/>\n<br class=\"clear\" \/>Die Schaufensterscheiben eines anderen Modegesch\u00e4fts sind Tr\u00e4ger schlagwortartiger Begriffe, wie \"Eine Million Mark\", \"lieblich\", \"Blutwurst\", \"Espana\", \"Gelbsucht\" und \"Gott\", die in keinem Zusammenhang mit der angebotenen Ware stehen. Vielmehr erinnern sie an Werbebotschaften anderer Verkaufsbranchen. Sie symbolisieren aber auch Wortfetzen, die uns trotz der Reiz\u00fcberflutung im Ged\u00e4chtnis bleiben. Bei zwei kleineren Schauk\u00e4sten ist der Eingriff ins Glas so gro\u00df, dass ihre urspr\u00fcngliche Zeige- bzw. Pr\u00e4sentationsfunktion aufgehoben ist. Der eine l\u00e4sst bis auf zwei kleine Rechtecke im unteren Bereich keine Einblicke mehr zu. Dort sind Teile einer Leuchtstoffr\u00f6hre zu erkennen, deren Licht den ganzen Schaukasten wie verschleiert wirken l\u00e4sst. Beim anderen ist das Glas von beiden Seiten mit gegeneinander laufenden Spiralen gestaltet, die die Glasscheibe wellenartig bewegt erscheinen lassen.<\/p>\n<\/div>\n<\/div><\/div><\/div><div id=\"pgc-511-5-1\"  class=\"panel-grid-cell\" ><div id=\"panel-511-5-1-0\" class=\"so-panel widget widget_sow-editor panel-first-child panel-last-child\" data-index=\"10\" ><div\n\t\t\t\n\t\t\tclass=\"so-widget-sow-editor so-widget-sow-editor-base\"\n\t\t\t\n\t\t>\n<div class=\"siteorigin-widget-tinymce textwidget\">\n\t\n\t\t<style type=\"text\/css\">\n\t\t\t#gallery-4 {\n\t\t\t\tmargin: auto;\n\t\t\t}\n\t\t\t#gallery-4 .gallery-item {\n\t\t\t\tfloat: left;\n\t\t\t\tmargin-top: 10px;\n\t\t\t\ttext-align: center;\n\t\t\t\twidth: 100%;\n\t\t\t}\n\t\t\t#gallery-4 img {\n\t\t\t\tborder: 2px solid #cfcfcf;\n\t\t\t}\n\t\t\t#gallery-4 .gallery-caption {\n\t\t\t\tmargin-left: 0;\n\t\t\t}\n\t\t\t\/* see gallery_shortcode() in wp-includes\/media.php *\/\n\t\t<\/style>\n\t\t<div id='gallery-4' class='gallery galleryid-511 gallery-columns-1 gallery-size-thumbnail'><dl class='gallery-item'>\n\t\t\t<dt class='gallery-icon landscape'>\n\t\t\t\t<a href='https:\/\/bildhauersymposion.de\/wp-content\/uploads\/2018\/02\/js1.jpg' title=\"\" data-rl_title=\"\" class=\"rl-gallery-link\" data-rl_caption=\"\" data-rel=\"lightbox-gallery-4\"><img loading=\"lazy\" decoding=\"async\" width=\"150\" height=\"150\" src=\"https:\/\/bildhauersymposion.de\/wp-content\/uploads\/2018\/02\/js1-150x150.jpg\" class=\"attachment-thumbnail size-thumbnail\" alt=\"\" \/><\/a>\n\t\t\t<\/dt><\/dl><br style=\"clear: both\" \/><dl class='gallery-item'>\n\t\t\t<dt class='gallery-icon landscape'>\n\t\t\t\t<a href='https:\/\/bildhauersymposion.de\/wp-content\/uploads\/2018\/02\/js2.jpg' title=\"\" data-rl_title=\"\" class=\"rl-gallery-link\" data-rl_caption=\"\" data-rel=\"lightbox-gallery-4\"><img loading=\"lazy\" decoding=\"async\" width=\"150\" height=\"150\" src=\"https:\/\/bildhauersymposion.de\/wp-content\/uploads\/2018\/02\/js2-150x150.jpg\" class=\"attachment-thumbnail size-thumbnail\" alt=\"\" \/><\/a>\n\t\t\t<\/dt><\/dl><br style=\"clear: both\" \/><dl class='gallery-item'>\n\t\t\t<dt class='gallery-icon landscape'>\n\t\t\t\t<a href='https:\/\/bildhauersymposion.de\/wp-content\/uploads\/2018\/02\/js3.jpg' title=\"\" data-rl_title=\"\" class=\"rl-gallery-link\" data-rl_caption=\"\" data-rel=\"lightbox-gallery-4\"><img loading=\"lazy\" decoding=\"async\" width=\"150\" height=\"150\" src=\"https:\/\/bildhauersymposion.de\/wp-content\/uploads\/2018\/02\/js3-150x150.jpg\" class=\"attachment-thumbnail size-thumbnail\" alt=\"\" \/><\/a>\n\t\t\t<\/dt><\/dl><br style=\"clear: both\" \/>\n\t\t<\/div>\n\n<\/div>\n<\/div><\/div><\/div><\/div><\/div><div id=\"pg-511-6\"  class=\"panel-grid panel-has-style\" ><div class=\"panel-row-style panel-row-style-for-511-6\" ><div id=\"pgc-511-6-0\"  class=\"panel-grid-cell\" ><div id=\"panel-511-6-0-0\" class=\"so-panel widget widget_sow-editor panel-first-child panel-last-child\" data-index=\"11\" ><div\n\t\t\t\n\t\t\tclass=\"so-widget-sow-editor so-widget-sow-editor-base\"\n\t\t\t\n\t\t>\n<div class=\"siteorigin-widget-tinymce textwidget\">\n\t<h5>J\u00e1nos Sug\u00e1r<br \/>\n<em>Die Senkrechte von Heidenheim<\/em><\/h5>\n<p>ADITECH Fl\u00fcssigkeitskristallanzeigen GmbH<br \/>\n<br class=\"clear\" \/>J\u00e1nos Sug\u00e1r beschreibt sein Projekt als \"die einfache Form eines vertikalen und horizontalen Elements, mit anderen Worten: eine Senkrechte.\" Die Senkrechte von Heidenheim besteht aus insgesamt f\u00fcnf LCD-Leuchtanzeigen, die an verschiedenen Stellen in der Innenstadt installiert sind.<br \/>\n<br class=\"clear\" \/>Die horizontale Ebene bezieht alle Heidenheimer B\u00fcrgerinnen und B\u00fcrger gleicherma\u00dfen in das Werk ein. Ihre Namen erlangen f\u00fcr einen Augenblick Publizit\u00e4t, indem sie auf vier LCD-Displays in Schaufenstern verschiedener Gesch\u00e4fte Tag und Nacht in zuf\u00e4lliger Reihenfolge erscheinen. Durch die kurze und einheitliche Pr\u00e4sentation aller Namen bleibt der Einzelne dennoch in der Anonymit\u00e4t der Gemeinschaft.<br \/>\n<br class=\"clear\" \/>Das vertikale Element dagegen stellt den Oberb\u00fcrgermeister, als politischer Repr\u00e4sentant der Stadt, in den Mittelpunkt. Auf einem weiteren LCD-Display hinter einem Fenster im 4. Stock des Rathauses k\u00f6nnen Botschaften gelesen werden, die ihm per SMS geschickt werden. Um den Text (max. 35 Zeichen) lesen zu k\u00f6nnen, muss der Betrachter durch ein auf dem Rathausplatz fest installiertes Fernglas schauen. So ist garantiert, dass die Nachricht bewusst und konzentriert wahrgenommen wird. Durch Handzettel mit dem Titel \"Public SMS\" wird dazu aufgefordert, direkt und anonym dem politischen Oberhaupt von Heidenheim die Meinung zu sagen. SMS-Nachrichten sind z. Z. wohl die modernste und beliebteste Form der elektronischen Kommunikation. Wenn sie aber wie hier im Rathaus als demokratisches Kommunikationsmittel eingesetzt werden, wird ein Problem offensichtlich, das auch die Massenmedien haben: Es ist in den meisten F\u00e4llen nur eine einseitige Kommunikation m\u00f6glich. Da die Absender der SMS-Nachrichten bewusst anonym bleiben, kann der Empf\u00e4nger naturgem\u00e4\u00df auch nicht darauf antworten.<\/p>\n<p>&nbsp;<\/p>\n<\/div>\n<\/div><\/div><\/div><div id=\"pgc-511-6-1\"  class=\"panel-grid-cell\" ><div id=\"panel-511-6-1-0\" class=\"so-panel widget widget_sow-editor panel-first-child panel-last-child\" data-index=\"12\" ><div\n\t\t\t\n\t\t\tclass=\"so-widget-sow-editor so-widget-sow-editor-base\"\n\t\t\t\n\t\t>\n<div class=\"siteorigin-widget-tinymce textwidget\">\n\t\n\t\t<style type=\"text\/css\">\n\t\t\t#gallery-5 {\n\t\t\t\tmargin: auto;\n\t\t\t}\n\t\t\t#gallery-5 .gallery-item {\n\t\t\t\tfloat: left;\n\t\t\t\tmargin-top: 10px;\n\t\t\t\ttext-align: center;\n\t\t\t\twidth: 100%;\n\t\t\t}\n\t\t\t#gallery-5 img {\n\t\t\t\tborder: 2px solid #cfcfcf;\n\t\t\t}\n\t\t\t#gallery-5 .gallery-caption {\n\t\t\t\tmargin-left: 0;\n\t\t\t}\n\t\t\t\/* see gallery_shortcode() in wp-includes\/media.php *\/\n\t\t<\/style>\n\t\t<div id='gallery-5' class='gallery galleryid-511 gallery-columns-1 gallery-size-thumbnail'><dl class='gallery-item'>\n\t\t\t<dt class='gallery-icon landscape'>\n\t\t\t\t<a href='https:\/\/bildhauersymposion.de\/wp-content\/uploads\/2018\/02\/sugar3.jpg' title=\"\" data-rl_title=\"\" class=\"rl-gallery-link\" data-rl_caption=\"\" data-rel=\"lightbox-gallery-5\"><img loading=\"lazy\" decoding=\"async\" width=\"150\" height=\"150\" src=\"https:\/\/bildhauersymposion.de\/wp-content\/uploads\/2018\/02\/sugar3-150x150.jpg\" class=\"attachment-thumbnail size-thumbnail\" alt=\"\" \/><\/a>\n\t\t\t<\/dt><\/dl><br style=\"clear: both\" \/><dl class='gallery-item'>\n\t\t\t<dt class='gallery-icon landscape'>\n\t\t\t\t<a href='https:\/\/bildhauersymposion.de\/wp-content\/uploads\/2018\/02\/sugar2.jpg' title=\"\" data-rl_title=\"\" class=\"rl-gallery-link\" data-rl_caption=\"\" data-rel=\"lightbox-gallery-5\"><img loading=\"lazy\" decoding=\"async\" width=\"150\" height=\"150\" src=\"https:\/\/bildhauersymposion.de\/wp-content\/uploads\/2018\/02\/sugar2-150x150.jpg\" class=\"attachment-thumbnail size-thumbnail\" alt=\"\" \/><\/a>\n\t\t\t<\/dt><\/dl><br style=\"clear: both\" \/><dl class='gallery-item'>\n\t\t\t<dt class='gallery-icon landscape'>\n\t\t\t\t<a href='https:\/\/bildhauersymposion.de\/wp-content\/uploads\/2018\/02\/sugar1.jpg' title=\"\" data-rl_title=\"\" class=\"rl-gallery-link\" data-rl_caption=\"\" data-rel=\"lightbox-gallery-5\"><img loading=\"lazy\" decoding=\"async\" width=\"150\" height=\"150\" src=\"https:\/\/bildhauersymposion.de\/wp-content\/uploads\/2018\/02\/sugar1-150x150.jpg\" class=\"attachment-thumbnail size-thumbnail\" alt=\"\" \/><\/a>\n\t\t\t<\/dt><\/dl><br style=\"clear: both\" \/>\n\t\t<\/div>\n\n<p><a href=\"#anfang\"><img loading=\"lazy\" decoding=\"async\" class=\"alignnone size-full wp-image-1464\" src=\"https:\/\/neu.bildhauersymposion.de\/wp-content\/uploads\/2018\/03\/nach_oben_weiss.png\" alt=\"\" width=\"92\" height=\"67\" \/><\/a><\/p>\n<\/div>\n<\/div><\/div><\/div><\/div><\/div><\/div>","protected":false},"excerpt":{"rendered":"<p>Nominatoren Prof. Dr. Manfred Schneckenburger, Kunstakademie M\u00fcnster Joanna Kiliszek, Polnisches Institut, Leipzig Lynda Morris, Norwich School of Art and Design, Norwich, England D\u00f3ra Hegyi, Museum Ludwig, Budapest, Ungarn K\u00fcnstlerischer Beirat des Bildhauersymposions Heidenheim Jury Dr. Ulrike Gauss, Staatsgalerie Stuttgart Dr. <span class=\"excerpt-dots\">&hellip;<\/span> <a class=\"more-link\" href=\"https:\/\/bildhauersymposion.de\/index.php\/werk-01\/\"><span class=\"more-msg\">Weiterlesen &rarr;<\/span><\/a><\/p>\n","protected":false},"author":1,"featured_media":0,"parent":0,"menu_order":0,"comment_status":"closed","ping_status":"closed","template":"","meta":{"footnotes":""},"_links":{"self":[{"href":"https:\/\/bildhauersymposion.de\/index.php\/wp-json\/wp\/v2\/pages\/511"}],"collection":[{"href":"https:\/\/bildhauersymposion.de\/index.php\/wp-json\/wp\/v2\/pages"}],"about":[{"href":"https:\/\/bildhauersymposion.de\/index.php\/wp-json\/wp\/v2\/types\/page"}],"author":[{"embeddable":true,"href":"https:\/\/bildhauersymposion.de\/index.php\/wp-json\/wp\/v2\/users\/1"}],"replies":[{"embeddable":true,"href":"https:\/\/bildhauersymposion.de\/index.php\/wp-json\/wp\/v2\/comments?post=511"}],"version-history":[{"count":97,"href":"https:\/\/bildhauersymposion.de\/index.php\/wp-json\/wp\/v2\/pages\/511\/revisions"}],"predecessor-version":[{"id":1534,"href":"https:\/\/bildhauersymposion.de\/index.php\/wp-json\/wp\/v2\/pages\/511\/revisions\/1534"}],"wp:attachment":[{"href":"https:\/\/bildhauersymposion.de\/index.php\/wp-json\/wp\/v2\/media?parent=511"}],"curies":[{"name":"wp","href":"https:\/\/api.w.org\/{rel}","templated":true}]}}