{"id":500,"date":"2018-02-01T08:29:25","date_gmt":"2018-02-01T08:29:25","guid":{"rendered":"https:\/\/neu.bildhauersymposion.de\/?page_id=500"},"modified":"2018-03-06T08:17:14","modified_gmt":"2018-03-06T08:17:14","slug":"kataloge","status":"publish","type":"page","link":"https:\/\/bildhauersymposion.de\/index.php\/kataloge\/","title":{"rendered":"Kataloge"},"content":{"rendered":"<div id=\"pl-500\"  class=\"panel-layout\" ><div id=\"pg-500-0\"  class=\"panel-grid panel-has-style\" ><div class=\"panel-row-style panel-row-style-for-500-0\" ><div id=\"pgc-500-0-0\"  class=\"panel-grid-cell\" ><div id=\"panel-500-0-0-0\" class=\"so-panel widget widget_sow-editor panel-first-child panel-last-child\" data-index=\"0\" ><div class=\"panel-widget-style panel-widget-style-for-500-0-0-0\" ><div\n\t\t\t\n\t\t\tclass=\"so-widget-sow-editor so-widget-sow-editor-base\"\n\t\t\t\n\t\t>\n<div class=\"siteorigin-widget-tinymce textwidget\">\n\t<p><img loading=\"lazy\" decoding=\"async\" class=\"alignnone size-full wp-image-765\" src=\"https:\/\/neu.bildhauersymposion.de\/wp-content\/uploads\/2018\/02\/kat97.jpg\" alt=\"\" width=\"180\" height=\"226\" \/><br \/> <strong>Bildhauersymposion Heidenheim 1997<\/strong><br \/> mit Texten von Gabriele Rogowski, Ren\u00e9 Hirner, Richard W. Gassen, Annelie L\u00fctgens, Ralph Melcher, Helmut Draxler<br \/> ISBN 3-929935-12-0,\u00a0 9 \u20ac<\/p>\n<\/div>\n<\/div><\/div><\/div><\/div><div id=\"pgc-500-0-1\"  class=\"panel-grid-cell\" ><div id=\"panel-500-0-1-0\" class=\"so-panel widget widget_sow-editor panel-first-child panel-last-child\" data-index=\"1\" ><div class=\"panel-widget-style panel-widget-style-for-500-0-1-0\" ><div\n\t\t\t\n\t\t\tclass=\"so-widget-sow-editor so-widget-sow-editor-base\"\n\t\t\t\n\t\t>\n<div class=\"siteorigin-widget-tinymce textwidget\">\n\t<p><img loading=\"lazy\" decoding=\"async\" class=\"alignnone size-full wp-image-569\" src=\"https:\/\/neu.bildhauersymposion.de\/wp-content\/uploads\/2018\/02\/kat01.jpg\" alt=\"\" width=\"180\" height=\"226\" \/><br \/> <strong>Bildhauersymposion Heidenheim 2001<\/strong><br \/> mit Texten von Harald Fricke, Ren\u00e9 Hirner, Gregor Jansen, Klaus Moser, Clemens Ottnad, Sabine Maria Schmidt<br \/> ISBN 3-929935-20-1, \u00a0 9 \u20ac<\/p>\n<\/div>\n<\/div><\/div><\/div><\/div><div id=\"pgc-500-0-2\"  class=\"panel-grid-cell\" ><div id=\"panel-500-0-2-0\" class=\"so-panel widget widget_sow-editor panel-first-child panel-last-child\" data-index=\"2\" ><div class=\"panel-widget-style panel-widget-style-for-500-0-2-0\" ><div\n\t\t\t\n\t\t\tclass=\"so-widget-sow-editor so-widget-sow-editor-base\"\n\t\t\t\n\t\t>\n<div class=\"siteorigin-widget-tinymce textwidget\">\n\t<p><img loading=\"lazy\" decoding=\"async\" class=\"alignnone size-full wp-image-766\" src=\"https:\/\/neu.bildhauersymposion.de\/wp-content\/uploads\/2018\/02\/katalog04.jpg\" alt=\"\" width=\"180\" height=\"226\" \/><br \/> <strong>Bildhauersymposion Heidenheim 2004<\/strong><br \/> mit Texten von Joachim W. Dziallas, Volker Pantenburg, Montse Badia, Annette Weisser, Frank Eckart, Jan Thorn-Prikker<br \/> ISBN 3-929935-20-1, \u00a0 9 \u20ac<\/p>\n<\/div>\n<\/div><\/div><\/div><\/div><\/div><\/div><div id=\"pg-500-1\"  class=\"panel-grid panel-has-style\" ><div class=\"panel-row-style panel-row-style-for-500-1\" ><div id=\"pgc-500-1-0\"  class=\"panel-grid-cell\" ><div id=\"panel-500-1-0-0\" class=\"so-panel widget widget_sow-editor panel-first-child panel-last-child\" data-index=\"3\" ><div class=\"panel-widget-style panel-widget-style-for-500-1-0-0\" ><div\n\t\t\t\n\t\t\tclass=\"so-widget-sow-editor so-widget-sow-editor-base\"\n\t\t\t\n\t\t>\n<div class=\"siteorigin-widget-tinymce textwidget\">\n\t<p><img loading=\"lazy\" decoding=\"async\" class=\"alignnone size-full wp-image-767\" src=\"https:\/\/neu.bildhauersymposion.de\/wp-content\/uploads\/2018\/02\/katalog07.jpg\" alt=\"\" width=\"180\" height=\"226\" \/><br \/> <strong>Bildhauersymposion Heidenheim 2007<\/strong><br \/> mit Texten von Rolf Bier, Ren\u00e9 Hirner, Herwig Hofmeister, Franz Littmann, Gabriele Rogowski, Klaus Ronneberger<br \/> ISBN 978-3-989935-30-9, \u00a0 9 \u20ac<\/p>\n<\/div>\n<\/div><\/div><\/div><\/div><div id=\"pgc-500-1-1\"  class=\"panel-grid-cell\" ><div id=\"panel-500-1-1-0\" class=\"so-panel widget widget_sow-editor panel-first-child panel-last-child\" data-index=\"4\" ><div class=\"panel-widget-style panel-widget-style-for-500-1-1-0\" ><div\n\t\t\t\n\t\t\tclass=\"so-widget-sow-editor so-widget-sow-editor-base\"\n\t\t\t\n\t\t>\n<div class=\"siteorigin-widget-tinymce textwidget\">\n\t<p><img loading=\"lazy\" decoding=\"async\" class=\"alignnone size-full wp-image-768\" src=\"https:\/\/neu.bildhauersymposion.de\/wp-content\/uploads\/2018\/02\/katalog10.jpg\" alt=\"\" width=\"180\" height=\"226\" \/><br \/> <strong>Bildhauersymposion Heidenheim 2010<\/strong><br \/> mit Texten von Adrienne Braun, Ralf Christofori, Penelope Curtis, Anette Freudenberg, Norbert Pfisterer, Camille Villet,\u00a0 \u00a0 9 \u20ac<\/p>\n<\/div>\n<\/div><\/div><\/div><\/div><div id=\"pgc-500-1-2\"  class=\"panel-grid-cell\" ><div id=\"panel-500-1-2-0\" class=\"so-panel widget widget_sow-editor panel-first-child panel-last-child\" data-index=\"5\" ><div class=\"panel-widget-style panel-widget-style-for-500-1-2-0\" ><div\n\t\t\t\n\t\t\tclass=\"so-widget-sow-editor so-widget-sow-editor-base\"\n\t\t\t\n\t\t>\n<div class=\"siteorigin-widget-tinymce textwidget\">\n\t<p><img loading=\"lazy\" decoding=\"async\" class=\"alignnone size-full wp-image-769\" src=\"https:\/\/neu.bildhauersymposion.de\/wp-content\/uploads\/2018\/02\/katalog13.jpg\" alt=\"\" width=\"180\" height=\"226\" \/><br \/>\n<strong>Bildhauersymposion 2013<\/strong><br \/>\nMit Texten von Gerrit Gohlke, Hans-J\u00fcrgen Hafner, Ren\u00e9 Hirner, Werner Meyer, Sabine Elsa M\u00fcller, Roland Nachtig\u00e4ller, \u00a0 9&nbsp;\u20ac<\/p>\n<\/div>\n<\/div><\/div><\/div><\/div><\/div><\/div><\/div>","protected":false},"excerpt":{"rendered":"<p>Bildhauersymposion Heidenheim 1997 mit Texten von Gabriele Rogowski, Ren\u00e9 Hirner, Richard W. Gassen, Annelie L\u00fctgens, Ralph Melcher, Helmut Draxler ISBN 3-929935-12-0,\u00a0 9 \u20ac Bildhauersymposion Heidenheim 2001 mit Texten von Harald Fricke, Ren\u00e9 Hirner, Gregor Jansen, Klaus Moser, Clemens Ottnad, Sabine <span class=\"excerpt-dots\">&hellip;<\/span> <a class=\"more-link\" href=\"https:\/\/bildhauersymposion.de\/index.php\/kataloge\/\"><span class=\"more-msg\">Weiterlesen &rarr;<\/span><\/a><\/p>\n","protected":false},"author":1,"featured_media":0,"parent":0,"menu_order":0,"comment_status":"closed","ping_status":"closed","template":"","meta":{"footnotes":""},"_links":{"self":[{"href":"https:\/\/bildhauersymposion.de\/index.php\/wp-json\/wp\/v2\/pages\/500"}],"collection":[{"href":"https:\/\/bildhauersymposion.de\/index.php\/wp-json\/wp\/v2\/pages"}],"about":[{"href":"https:\/\/bildhauersymposion.de\/index.php\/wp-json\/wp\/v2\/types\/page"}],"author":[{"embeddable":true,"href":"https:\/\/bildhauersymposion.de\/index.php\/wp-json\/wp\/v2\/users\/1"}],"replies":[{"embeddable":true,"href":"https:\/\/bildhauersymposion.de\/index.php\/wp-json\/wp\/v2\/comments?post=500"}],"version-history":[{"count":61,"href":"https:\/\/bildhauersymposion.de\/index.php\/wp-json\/wp\/v2\/pages\/500\/revisions"}],"predecessor-version":[{"id":1340,"href":"https:\/\/bildhauersymposion.de\/index.php\/wp-json\/wp\/v2\/pages\/500\/revisions\/1340"}],"wp:attachment":[{"href":"https:\/\/bildhauersymposion.de\/index.php\/wp-json\/wp\/v2\/media?parent=500"}],"curies":[{"name":"wp","href":"https:\/\/api.w.org\/{rel}","templated":true}]}}